{"id":267,"date":"2024-08-05T20:12:19","date_gmt":"2024-08-05T17:12:19","guid":{"rendered":"https:\/\/www.bozodujfalu.eu\/?page_id=267"},"modified":"2024-08-11T12:04:49","modified_gmt":"2024-08-11T09:04:49","slug":"osszetartozas-temploma","status":"publish","type":"page","link":"https:\/\/www.bozodujfalu.eu\/index.php\/osszetartozas-temploma\/","title":{"rendered":"\u00d6sszetartoz\u00e1s Temploma"},"content":{"rendered":"\n<p>Az \u00d6sszetartoz\u00e1s Temploma \u00e9p\u00edt\u00e9s\u00e9nek gondolata a katolikus templom \u00f6sszeoml\u00e1s\u00e1t k\u00f6vet\u0151en fogalmaz\u00f3dott meg. <br>Az<strong> \u00d6sszetartoz\u00e1s Templom\u00e1t<\/strong> 2024. augusztus 3-\u00e1n avatt\u00e1k fel.<\/p>\n\n\n\n<div class=\"wp-block-columns is-layout-flex wp-container-core-columns-is-layout-9d6595d7 wp-block-columns-is-layout-flex\">\n<div class=\"wp-block-column is-layout-flow wp-block-column-is-layout-flow\" style=\"flex-basis:50%\">\n<figure class=\"wp-block-gallery has-nested-images columns-default is-cropped wp-block-gallery-1 is-layout-flex wp-block-gallery-is-layout-flex\">\n<figure class=\"wp-block-image size-large has-custom-border\"><a href=\"https:\/\/www.bozodujfalu.eu\/wp-content\/uploads\/2024\/08\/Program-Osszetartozas-temploma.png\"><img loading=\"lazy\" decoding=\"async\" width=\"838\" height=\"1024\" data-id=\"469\" src=\"https:\/\/www.bozodujfalu.eu\/wp-content\/uploads\/2024\/08\/Program-Osszetartozas-temploma-838x1024.png\" alt=\"\" class=\"has-border-color has-theme-palette-6-border-color wp-image-469\" style=\"border-width:2px\" srcset=\"https:\/\/www.bozodujfalu.eu\/wp-content\/uploads\/2024\/08\/Program-Osszetartozas-temploma-838x1024.png 838w, https:\/\/www.bozodujfalu.eu\/wp-content\/uploads\/2024\/08\/Program-Osszetartozas-temploma-246x300.png 246w, https:\/\/www.bozodujfalu.eu\/wp-content\/uploads\/2024\/08\/Program-Osszetartozas-temploma-768x938.png 768w, https:\/\/www.bozodujfalu.eu\/wp-content\/uploads\/2024\/08\/Program-Osszetartozas-temploma-1257x1536.png 1257w, https:\/\/www.bozodujfalu.eu\/wp-content\/uploads\/2024\/08\/Program-Osszetartozas-temploma-1676x2048.png 1676w\" sizes=\"auto, (max-width: 838px) 100vw, 838px\" \/><\/a><\/figure>\n<\/figure>\n\n\n\n<figure class=\"wp-block-gallery has-nested-images columns-default is-cropped wp-block-gallery-2 is-layout-flex wp-block-gallery-is-layout-flex\">\n<figure class=\"wp-block-image size-large\"><a href=\"https:\/\/www.bozodujfalu.eu\/wp-content\/uploads\/2024\/08\/adomanyozok.png\"><img loading=\"lazy\" decoding=\"async\" width=\"1024\" height=\"754\" data-id=\"642\" src=\"https:\/\/www.bozodujfalu.eu\/wp-content\/uploads\/2024\/08\/adomanyozok-1024x754.png\" alt=\"\" class=\"wp-image-642\" srcset=\"https:\/\/www.bozodujfalu.eu\/wp-content\/uploads\/2024\/08\/adomanyozok-1024x754.png 1024w, https:\/\/www.bozodujfalu.eu\/wp-content\/uploads\/2024\/08\/adomanyozok-300x221.png 300w, https:\/\/www.bozodujfalu.eu\/wp-content\/uploads\/2024\/08\/adomanyozok-768x565.png 768w, https:\/\/www.bozodujfalu.eu\/wp-content\/uploads\/2024\/08\/adomanyozok-1536x1131.png 1536w, https:\/\/www.bozodujfalu.eu\/wp-content\/uploads\/2024\/08\/adomanyozok-2048x1508.png 2048w\" sizes=\"auto, (max-width: 1024px) 100vw, 1024px\" \/><\/a><figcaption class=\"wp-element-caption\">Az adom\u00e1nyozok jegyz\u00e9ke<\/figcaption><\/figure>\n<\/figure>\n\n\n\n<figure class=\"wp-block-embed is-type-video is-provider-youtube wp-block-embed-youtube wp-embed-aspect-16-9 wp-has-aspect-ratio\"><div class=\"wp-block-embed__wrapper\">\n<iframe loading=\"lazy\" title=\"\u00dajj\u00e1sz\u00fcletett eml\u00e9kez\u00e9s a b\u00f6z\u00f6d\u00fajfalusi v\u00edzt\u00e1roz\u00f3n\u00e1l\" width=\"720\" height=\"405\" src=\"https:\/\/www.youtube.com\/embed\/hQT9jxPbRLo?feature=oembed\" frameborder=\"0\" allow=\"accelerometer; autoplay; clipboard-write; encrypted-media; gyroscope; picture-in-picture; web-share\" referrerpolicy=\"strict-origin-when-cross-origin\" allowfullscreen><\/iframe>\n<\/div><figcaption class=\"wp-element-caption\">\u00dajj\u00e1sz\u00fcletett eml\u00e9kez\u00e9s a b\u00f6z\u00f6d\u00fajfalusi v\u00edzt\u00e1roz\u00f3n\u00e1l \u2013 vide\u00f3 (Forr\u00e1s: Sz\u00e9kelyhon.ro)<\/figcaption><\/figure>\n\n\n\n<figure class=\"wp-block-embed is-type-video is-provider-youtube wp-block-embed-youtube wp-embed-aspect-16-9 wp-has-aspect-ratio\"><div class=\"wp-block-embed__wrapper\">\n<iframe loading=\"lazy\" title=\"FELAVATT\u00c1K AZ \u00d6SSZETARTOZ\u00c1S TEMPLOM\u00c1T\" width=\"720\" height=\"405\" src=\"https:\/\/www.youtube.com\/embed\/9jIp6eTRF7M?feature=oembed\" frameborder=\"0\" allow=\"accelerometer; autoplay; clipboard-write; encrypted-media; gyroscope; picture-in-picture; web-share\" referrerpolicy=\"strict-origin-when-cross-origin\" allowfullscreen><\/iframe>\n<\/div><figcaption class=\"wp-element-caption\">Felavatt\u00e1k az \u00f6sszetartoz\u00e1s templom\u00e1t \u2013 S\u00f3vid\u00e9k Telev\u00edzi\u00f3<\/figcaption><\/figure>\n<\/div>\n\n\n\n<div class=\"wp-block-column is-layout-flow wp-block-column-is-layout-flow\">\n<figure class=\"wp-block-embed is-type-wp-embed is-provider-b-z-d-jfalu wp-block-embed-b-z-d-jfalu\"><div class=\"wp-block-embed__wrapper\">\n<blockquote class=\"wp-embedded-content\" data-secret=\"Nv7itUNDSz\"><a href=\"https:\/\/www.bozodujfalu.eu\/index.php\/bozodujfalu-a-mediaban\/\">\u00cdr\u00e1sok B\u00f6z\u00f6d\u00fajfalur\u00f3l<\/a><\/blockquote><iframe loading=\"lazy\" class=\"wp-embedded-content\" sandbox=\"allow-scripts\" security=\"restricted\" style=\"position: absolute; visibility: hidden;\" title=\"&#8220;\u00cdr\u00e1sok B\u00f6z\u00f6d\u00fajfalur\u00f3l&#8221; &#8212; B\u00f6z\u00f6d\u00fajfalu\" src=\"https:\/\/www.bozodujfalu.eu\/index.php\/bozodujfalu-a-mediaban\/embed\/#?secret=ooNxXcun79#?secret=Nv7itUNDSz\" data-secret=\"Nv7itUNDSz\" width=\"600\" height=\"338\" frameborder=\"0\" marginwidth=\"0\" marginheight=\"0\" scrolling=\"no\"><\/iframe>\n<\/div><\/figure>\n<\/div>\n\n\n\n<div class=\"wp-block-column is-layout-flow wp-block-column-is-layout-flow\" style=\"flex-basis:50%\">\n<p id=\"otunnep\"><strong>Az \u00d6sszetartoz\u00e1s templom\u00e1nak felszentel\u00e9si \u00fcnnep\u00e9ly\u00e9r\u0151l \u00edrt\u00e1k:<\/strong><\/p>\n\n\n\n<ul class=\"wp-block-list has-theme-palette-7-background-color has-background\">\n<li><a href=\"https:\/\/www.marosvasarhelyiradio.ro\/hirek\/felszenteltek-az-osszetartozas-templomat-a-bozodujfaluban\/\">Felszentelt\u00e9k az \u00d6sszetartoz\u00e1s templom\u00e1t B\u00f6z\u00f6d\u00fajfaluban<\/a>&nbsp;\u2013 Marosv\u00e1s\u00e1rhelyi R\u00e1di\u00f3<\/li>\n\n\n\n<li><a href=\"https:\/\/www.magyarkurir.hu\/hirek\/felszenteltek-kommunizmusban-elarasztott-bozodujfalu-ujjaepitett-templomat-erdelyben\">Felszentelt\u00e9k a kommunizmusban el\u00e1rasztott B\u00f6z\u00f6d\u00fajfalu \u00fajj\u00e1\u00e9p\u00edtett templom\u00e1t Erd\u00e9lyben<\/a>&nbsp;\u2013 Magyar Kurir<\/li>\n\n\n\n<li><a href=\"https:\/\/www.pontmaros.ro\/felavattak-az-osszetartozas-templomat-bozodujfalu-a-kitartas-osszefogas-es-ujjaszuletes-jelkepeve-valt\/\">Felavatt\u00e1k az \u00d6sszetartoz\u00e1s templom\u00e1t: B\u00f6z\u00f6d\u00fajfalu a kitart\u00e1s, \u00f6sszefog\u00e1s \u00e9s \u00fajj\u00e1sz\u00fclet\u00e9s jelk\u00e9p\u00e9v\u00e9 v\u00e1lt<\/a>&nbsp;\u2013 Pont Maros<\/li>\n\n\n\n<li><a href=\"https:\/\/hirtv.hu\/hirtvkulfold\/felszenteltek-a-kommunizmusban-elarasztott-bozodujfalu-ujjaepitett-templomat-erdelyben-2589974\">Felszentelt\u00e9k a kommunizmusban el\u00e1rasztott B\u00f6z\u00f6d\u00fajfalu \u00fajj\u00e1\u00e9p\u00edtett templom\u00e1t Erd\u00e9lyben + vide\u00f3<\/a>&nbsp;\u2013 H\u00edrTV<\/li>\n\n\n\n<li><a href=\"https:\/\/www.e-nepujsag.ro\/articles\/a-vizbe-temetett-mult-arnyekaban\">A v\u00edzbe temetett m\u00falt \u00e1rny\u00e9k\u00e1ban<\/a>&nbsp;\u2013 N\u00e9p\u00fajs\u00e1g<\/li>\n\n\n\n<li><a href=\"https:\/\/kronikaonline.ro\/erdelyi-hirek\/templomszenteles-bozodujfalu-ma-nemcsak-az-ertelmetlen-kommunista-rombolas-hanem-a-kitartas-szimboluma-is\">Templomszentel\u00e9s: B\u00f6z\u00f6d\u00fajfalu ma nemcsak az \u00e9rtelmetlen kommunista rombol\u00e1s, hanem a kitart\u00e1s szimb\u00f3luma is (Forr\u00e1s: Kr\u00f3nikaonline.ro)<\/a><\/li>\n\n\n\n<li><a href=\"https:\/\/www.terjhazavandor.ro\/az-osszetartozas-temploma\/\">Az \u00d6sszetartoz\u00e1s temploma<\/a>&nbsp;\u2013 T\u00e9rj haza, v\u00e1ndor!<\/li>\n\n\n\n<li><a href=\"https:\/\/egy.hu\/kult\/amikor-egy-dacia-70-ezer-lejbe-kerult-akkor-egy-portaert-maximum-35-ezer-lejt-adtak-akarmekkora-is-volt-felavattak-bozodujfalu-uj-templomat-115041\">\u201eAMIKOR EGY DACIA 70 EZER LEJBE KER\u00dcLT, AKKOR EGY PORT\u00c1\u00c9RT MAXIMUM 35 EZER LEJT ADTAK, AK\u00c1RMEKKORA IS VOLT\u201d \u2013 FELAVATT\u00c1K B\u00d6Z\u00d6D\u00daJFALU \u00daJ TEMPLOM\u00c1T<\/a> \u2013 Egy.hu<\/li>\n\n\n\n<li><a href=\"https:\/\/hirtv.hu\/video\/295614\">B\u00f6z\u00f6d\u00fajfalu nemcsak a falurombol\u00e1s, hanem a k\u00f6z\u00f6ss\u00e9g kitart\u00e1s\u00e1nak \u00e9s \u00f6sszefog\u00e1s\u00e1nak jelk\u00e9pe is<\/a> \u2013 H\u00edrTV<\/li>\n<\/ul>\n\n\n\n<figure class=\"wp-block-embed is-type-video is-provider-youtube wp-block-embed-youtube wp-embed-aspect-16-9 wp-has-aspect-ratio\"><div class=\"wp-block-embed__wrapper\">\n<iframe loading=\"lazy\" title=\"Unit\u00e1rius istentisztelet a b\u00f6z\u00f6d\u00fajfalvi \u00d6sszetartoz\u00e1s Temploma szentel\u00e9si \u00fcnnep\u00e9lye  alkalm\u00e1val.\" width=\"720\" height=\"405\" src=\"https:\/\/www.youtube.com\/embed\/PuDb1ZMHp6g?feature=oembed\" frameborder=\"0\" allow=\"accelerometer; autoplay; clipboard-write; encrypted-media; gyroscope; picture-in-picture; web-share\" referrerpolicy=\"strict-origin-when-cross-origin\" allowfullscreen><\/iframe>\n<\/div><figcaption class=\"wp-element-caption\">Unit\u00e1rius istentisztelet a b\u00f6z\u00f6d\u00fajfalvi \u00d6sszetartoz\u00e1s Temploma szentel\u00e9si \u00fcnnep\u00e9lye alkalm\u00e1val. Szolg\u00e1l id. Szombatfalvi J\u00f3zsef nyugd\u00edjas esperes\u2013lelk\u00e9sz.<\/figcaption><\/figure>\n\n\n\n<figure class=\"wp-block-embed is-type-video is-provider-youtube wp-block-embed-youtube wp-embed-aspect-16-9 wp-has-aspect-ratio\"><div class=\"wp-block-embed__wrapper\">\n<iframe loading=\"lazy\" title=\"Ft. Kov\u00e1cs Istv\u00e1n unit\u00e1rius p\u00fcsp\u00f6k \u00fcnnepi besz\u00e9de a B\u00f6z\u00f6d\u00fajfaluban \u2013 r\u00e9szlet.\" width=\"720\" height=\"405\" src=\"https:\/\/www.youtube.com\/embed\/l_cBpwdGA3M?feature=oembed\" frameborder=\"0\" allow=\"accelerometer; autoplay; clipboard-write; encrypted-media; gyroscope; picture-in-picture; web-share\" referrerpolicy=\"strict-origin-when-cross-origin\" allowfullscreen><\/iframe>\n<\/div><figcaption class=\"wp-element-caption\">Ft. Kov\u00e1cs Istv\u00e1n unit\u00e1rius p\u00fcsp\u00f6k \u00fcnnepi besz\u00e9de a b\u00f6z\u00f6d\u00fajfalvi \u00d6sszetartoz\u00e1s Temploma szentel\u00e9si \u00fcnnep\u00e9lye alkalm\u00e1val \u2013 r\u00e9szlet.<\/figcaption><\/figure>\n\n\n\n<p><\/p>\n<\/div>\n<\/div>\n","protected":false},"excerpt":{"rendered":"<p>Az \u00d6sszetartoz\u00e1s Temploma \u00e9p\u00edt\u00e9s\u00e9nek gondolata a katolikus templom \u00f6sszeoml\u00e1s\u00e1t k\u00f6vet\u0151en fogalmaz\u00f3dott meg. Az \u00d6sszetartoz\u00e1s Templom\u00e1t 2024. augusztus 3-\u00e1n avatt\u00e1k fel. Az \u00d6sszetartoz\u00e1s templom\u00e1nak felszentel\u00e9si \u00fcnnep\u00e9ly\u00e9r\u0151l \u00edrt\u00e1k:<\/p>\n","protected":false},"author":1,"featured_media":641,"parent":0,"menu_order":0,"comment_status":"closed","ping_status":"closed","template":"","meta":{"_kad_post_transparent":"","_kad_post_title":"","_kad_post_layout":"","_kad_post_sidebar_id":"","_kad_post_content_style":"","_kad_post_vertical_padding":"","_kad_post_feature":"","_kad_post_feature_position":"","_kad_post_header":false,"_kad_post_footer":false,"footnotes":""},"class_list":["post-267","page","type-page","status-publish","has-post-thumbnail","hentry"],"_links":{"self":[{"href":"https:\/\/www.bozodujfalu.eu\/index.php\/wp-json\/wp\/v2\/pages\/267","targetHints":{"allow":["GET"]}}],"collection":[{"href":"https:\/\/www.bozodujfalu.eu\/index.php\/wp-json\/wp\/v2\/pages"}],"about":[{"href":"https:\/\/www.bozodujfalu.eu\/index.php\/wp-json\/wp\/v2\/types\/page"}],"author":[{"embeddable":true,"href":"https:\/\/www.bozodujfalu.eu\/index.php\/wp-json\/wp\/v2\/users\/1"}],"replies":[{"embeddable":true,"href":"https:\/\/www.bozodujfalu.eu\/index.php\/wp-json\/wp\/v2\/comments?post=267"}],"version-history":[{"count":18,"href":"https:\/\/www.bozodujfalu.eu\/index.php\/wp-json\/wp\/v2\/pages\/267\/revisions"}],"predecessor-version":[{"id":646,"href":"https:\/\/www.bozodujfalu.eu\/index.php\/wp-json\/wp\/v2\/pages\/267\/revisions\/646"}],"wp:featuredmedia":[{"embeddable":true,"href":"https:\/\/www.bozodujfalu.eu\/index.php\/wp-json\/wp\/v2\/media\/641"}],"wp:attachment":[{"href":"https:\/\/www.bozodujfalu.eu\/index.php\/wp-json\/wp\/v2\/media?parent=267"}],"curies":[{"name":"wp","href":"https:\/\/api.w.org\/{rel}","templated":true}]}}